{"id":173,"date":"2012-11-08T13:08:46","date_gmt":"2012-11-08T12:08:46","guid":{"rendered":"http:\/\/www.moelledalen.dk\/?page_id=173"},"modified":"2012-12-17T20:30:25","modified_gmt":"2012-12-17T19:30:25","slug":"dagbog-december","status":"publish","type":"page","link":"https:\/\/www.moelledalen.dk\/?page_id=173","title":{"rendered":"Dagbog &#8211; december 2012"},"content":{"rendered":"<p><span style=\"text-decoration: underline;\"><strong>Mandag den 3. december 2012<\/strong><\/span><br \/>\nS\u00e5 fik sneen da sat en stopper for det byggeri &#8211; h\u00e5ber p\u00e5 mildning indenfor 14 dage, s\u00e5 der skal blive skalmuret inden jul \ud83d\ude42<\/p>\n<p>Hertil aften fik vi s\u00e5 den &#8220;fede&#8221; besked, at de fliser vi har valgt er blevet kaldt tilbage &#8211; angiveligt pga produktionsfejl.. \u00d8v \u00f8v.. Nu skal vi hurtigst muligt v\u00e6lge nye, og det var sgu sv\u00e6rt nok at v\u00e6lge de f\u00f8rste \ud83d\ude41<\/p>\n<p><span style=\"text-decoration: underline;\"><strong>Tirsdag den 4. december 2012<\/strong><\/span><br \/>\nMurerfolkene er ankommet &#8211; eller ihvertfald deres grej \ud83d\ude42<\/p>\n<p>Morfor m\u00f8dte dem p\u00e5 pladsen, og blev lukket ind i huset og kunne inspicere, at alt s\u00e5 ud som det skulle &#8211; ingen sneskader indend\u00f8re!<\/p>\n<p><span style=\"text-decoration: underline;\"><strong>Fredag den 7. december 2012<br \/>\n<\/strong><\/span>Har taget en afspadseringsdag, da vi skal have valgt de nye klinker. V\u00e5gner med en fork\u00f8lelse der har udviklet sig til feber og noget der ligner mandeinfluenza :o) Det ligner desv\u00e6rre et afbud til firmaets julefrokost, men de de der klinker SKAL bare v\u00e6lges i dag &#8211; ellers bliver projektet m\u00e5ske udsat. K\u00e6mper mig igennem et bes\u00f8g hos Stark i Aalborg og vi finder heldigvis nogle klinker vi er overbeviste om, at vi bliver glade for.<\/p>\n<p>Murerne er, p\u00e5 trods af vejret, g\u00e5et igang, og har allerede muret den \u00f8stvendte facade og er godt i gang med den sydvendte, der skal mures helt op til kip.<\/p>\nngg_shortcode_0_placeholder\n<p>Er en smule bekymret for, at der mures i denne kulde, hvilket jeg ogs\u00e5 har luftet overfor HusCompagniet &#8211; de st\u00e5r dog 100% inde for arbejdet &#8211; lad os se om det ogs\u00e5 g\u00e6lder om 3 \u00e5r n\u00e5r fugerne rasler ud som t\u00e6nderne p\u00e5 en gammel hund :o)<\/p>\n<p>Indenfor er t\u00f8mrerne (nogle andre end de f\u00f8rste) i gang med tr\u00e6lofterne &#8211; 2 dages arbejde, s\u00e5 er det gjort &#8211; utroligt de kan f\u00e5 sig til at tage penge for det.<\/p>\n<p>Indtil videre ser det som om tidsplanen holdes &#8211; p\u00e5 nogle punkter er de endda foran &#8211; lad os h\u00e5be det holder til februar :o)<\/p>\n<p>Endelig er Vennelyst ogs\u00e5 begyndt at fjerne den gamle gule ejendom, men nu er de nok blevet afbrudt af sneen, de sidder vist p\u00e5 en stor del af snerydningen i byen.<\/p>\n<p><span style=\"text-decoration: underline;\"><strong>Mandag den 17. december 2012<\/strong><\/span><br \/>\nEn l\u00e6nge ventet opdatering af dagbogen. For s\u00f8ren, det har v\u00e6ret sv\u00e6rt at f\u00e5 tid til at komme forbi for at f\u00e5 taget nogle indend\u00f8rs billeder, mens der var h\u00e5ndv\u00e6rkere til stede.<\/p>\n<p>Torsdag den 13. startede flisemureren med at s\u00e6tte de nyligt valgte klinker op i det badev\u00e6relse der ligger sammen med vores sovev\u00e6relse. Meget meget sp\u00e6ndende at skulle se det, og vi blev ikke skuffede \ud83d\ude42<\/p>\nngg_shortcode_1_placeholder\n<p>I fredags blev murerne f\u00e6rdige med skalmuringen. De havde h\u00e5bet p\u00e5 lidt t\u00f8vejr i weekenden, s\u00e5 de kunne f\u00e5 gravet ud langs sokkelen og derefter pudse den op &#8211; det var vist meget godt timet.<\/p>\n<p>Byggeriet er meget t\u00e6t p\u00e5 at v\u00e6re f\u00e6rdigt udvendigt. Der mangler bekl\u00e6dning p\u00e5 redskabsrum, udh\u00e6ng under opmuret gavl p\u00e5 vinkelen, udvendig el og vandhane, spots i udh\u00e6ng p\u00e5 forsiden, fugning mellem skalmur\/udh\u00e6ng og fugning omkring vinduer\/d\u00f8re &#8211; og s\u00e5 naturligvis flise- og haveanl\u00e6g, som vi selv skal st\u00e5 for \ud83d\ude42<\/p>\n<p>Flisemureren regner med at v\u00e6re f\u00e6rdig p\u00e5 onsdag, hvorefter byggeriet kommer til at st\u00e5 stille henover jul, nyt\u00e5r og uge 1. Vi har heldigvis f\u00e5et en n\u00f8gle, s\u00e5 vi kan komme forbi og &#8220;holde \u00f8je&#8221;. I uge 2 starter malerarbejdet.<\/p>\n","protected":false},"excerpt":{"rendered":"<p>Mandag den 3. december 2012 S\u00e5 fik sneen da sat en stopper for det byggeri &#8211; h\u00e5ber p\u00e5 mildning indenfor 14 dage, s\u00e5 der skal blive skalmuret inden jul \ud83d\ude42 Hertil aften fik vi s\u00e5 den &#8220;fede&#8221; besked, at de &hellip; <a href=\"https:\/\/www.moelledalen.dk\/?page_id=173\">L\u00e6s resten <span class=\"meta-nav\">&rarr;<\/span><\/a><\/p>\n","protected":false},"author":2,"featured_media":0,"parent":0,"menu_order":0,"comment_status":"closed","ping_status":"closed","template":"","meta":{"ngg_post_thumbnail":0,"footnotes":""},"class_list":["post-173","page","type-page","status-publish","hentry"],"_links":{"self":[{"href":"https:\/\/www.moelledalen.dk\/index.php?rest_route=\/wp\/v2\/pages\/173","targetHints":{"allow":["GET"]}}],"collection":[{"href":"https:\/\/www.moelledalen.dk\/index.php?rest_route=\/wp\/v2\/pages"}],"about":[{"href":"https:\/\/www.moelledalen.dk\/index.php?rest_route=\/wp\/v2\/types\/page"}],"author":[{"embeddable":true,"href":"https:\/\/www.moelledalen.dk\/index.php?rest_route=\/wp\/v2\/users\/2"}],"replies":[{"embeddable":true,"href":"https:\/\/www.moelledalen.dk\/index.php?rest_route=%2Fwp%2Fv2%2Fcomments&post=173"}],"version-history":[{"count":11,"href":"https:\/\/www.moelledalen.dk\/index.php?rest_route=\/wp\/v2\/pages\/173\/revisions"}],"predecessor-version":[{"id":250,"href":"https:\/\/www.moelledalen.dk\/index.php?rest_route=\/wp\/v2\/pages\/173\/revisions\/250"}],"wp:attachment":[{"href":"https:\/\/www.moelledalen.dk\/index.php?rest_route=%2Fwp%2Fv2%2Fmedia&parent=173"}],"curies":[{"name":"wp","href":"https:\/\/api.w.org\/{rel}","templated":true}]}}